{"id":1828,"date":"2025-06-10T10:44:27","date_gmt":"2025-06-10T07:44:27","guid":{"rendered":"https:\/\/viltis.lt\/lt\/?page_id=1828"},"modified":"2026-02-25T12:33:05","modified_gmt":"2026-02-25T10:33:05","slug":"lidda-projektas","status":"publish","type":"page","link":"https:\/\/viltis.lt\/lt\/projektai\/vykdomi-projektai\/lidda-projektas\/","title":{"rendered":"LIDDA"},"content":{"rendered":"<p>LIDDA (Learning and Inclusion with Digital Daily Activities)<a href=\"https:\/\/viltis.lt\/lt\/wp-content\/uploads\/2025\/06\/1-Learning-and-Inclusion-with-Digital-Daily-Activities.png\"><img loading=\"lazy\" decoding=\"async\" class=\"size-medium wp-image-1865 alignleft\" src=\"https:\/\/viltis.lt\/lt\/wp-content\/uploads\/2025\/06\/1-Learning-and-Inclusion-with-Digital-Daily-Activities-300x150.png\" alt=\"\" width=\"300\" height=\"150\" srcset=\"https:\/\/viltis.lt\/lt\/wp-content\/uploads\/2025\/06\/1-Learning-and-Inclusion-with-Digital-Daily-Activities-300x150.png 300w, https:\/\/viltis.lt\/lt\/wp-content\/uploads\/2025\/06\/1-Learning-and-Inclusion-with-Digital-Daily-Activities-1024x512.png 1024w, https:\/\/viltis.lt\/lt\/wp-content\/uploads\/2025\/06\/1-Learning-and-Inclusion-with-Digital-Daily-Activities-768x384.png 768w, https:\/\/viltis.lt\/lt\/wp-content\/uploads\/2025\/06\/1-Learning-and-Inclusion-with-Digital-Daily-Activities-1536x768.png 1536w, https:\/\/viltis.lt\/lt\/wp-content\/uploads\/2025\/06\/1-Learning-and-Inclusion-with-Digital-Daily-Activities-2048x1024.png 2048w, https:\/\/viltis.lt\/lt\/wp-content\/uploads\/2025\/06\/1-Learning-and-Inclusion-with-Digital-Daily-Activities-180x90.png 180w, https:\/\/viltis.lt\/lt\/wp-content\/uploads\/2025\/06\/1-Learning-and-Inclusion-with-Digital-Daily-Activities-600x300.png 600w\" sizes=\"auto, (max-width: 300px) 100vw, 300px\" \/><\/a><\/p>\n<p><strong>Projekto numeris:<\/strong> 2024-1-SI01-KA220-ADU-000243489<\/p>\n<p><strong>Projekto trukm\u0117:<\/strong> 31. 12. 2024 \u2013 30. 4. 2027<\/p>\n<p>&nbsp;<\/p>\n<p>&nbsp;<\/p>\n<p>Lietuvos sutrikusio intelekto \u017emoni\u0173 globos bendrija kartu su partneriais vykdo ERASMUS+ projekt\u0105 <strong>\u201eMokymasis ir \u012ftrauktis naudojant kasdienes skaitmenines veiklas\u201c (LIDDA)<\/strong>.<\/p>\n<p>\u0160io projekto tikslas \u2013 suteikti intelekto negali\u0105 turintiems \u017emon\u0117ms \u012fg\u016bd\u017ei\u0173, reikaling\u0173 savaranki\u0161kai gyventi \u0161iuolaikin\u0117je skaitmenizuotoje visuomen\u0117je.\u00a0 Skaitmeninis ra\u0161tingumas reikalingas tam, kad b\u016bt\u0173 galima pasinaudoti galimyb\u0117mis internete ir gauti \u012fvairias elektronines paslaugas, pavyzd\u017eiui, bankininkyst\u0117s, sveikatos, mokes\u010di\u0173, vie\u0161ojo transporto ir kt. Asmenys, turintys intelekto negali\u0105 patiria skaitmenin\u0119 atskirt\u012f: stinga \u0161vietimo ir prieinamos informacijos, kuri leist\u0173 pilnaverti\u0161kai pasinaudoti elektronin\u0117mis paslaugomis.<\/p>\n<p><strong>Projekto partneriai:<\/strong><\/p>\n<ol>\n<li><a href=\"https:\/\/ciktrebnje.si\/\">Center za izobra\u017eevanje in kulturo Trebnje<\/a> \u2013 Slov\u0117nija (koordinuojanti organizacija)<\/li>\n<li><a href=\"https:\/\/risa.si\/risa\/\">Zavod RISA, Center za splo\u0161no, funkcionalno in kulturno opismenjevanje<\/a>\u2013 Slov\u0117nija<\/li>\n<li><a href=\"https:\/\/www.nekser.lt\/\">V\u0161\u012e NEKSER <\/a>\u2013 Lietuva<\/li>\n<li><a href=\"https:\/\/viltis.lt\/lt\/\">Lietuvos sutrikusio intelekto \u017emoni\u0173 globos bendrija \u201eViltis\u201c<\/a> \u2013 Lietuva<\/li>\n<li><a href=\"https:\/\/www.uniamoci.eu\/\">UNIAMOCI APS <\/a>\u2013 Italija<\/li>\n<\/ol>\n<p><strong>Projekto tikslai:<\/strong><\/p>\n<ol>\n<li>Suteikti asmenims su intelekto negalia b\u016btin\u0173 skaitmenini\u0173 \u012fg\u016bd\u017ei\u0173, kad jie gal\u0117t\u0173 funkcionuoti \u0161iuolaikin\u0117je visuomen\u0117je.<\/li>\n<li>Prisid\u0117ti prie asmen\u0173 su intelekto negalia \u012ftraukties skaitmenin\u0117je erdv\u0117je.<\/li>\n<li>Tobulinti pedagog\u0173 kompetencijas, kad jie patys gal\u0117t\u0173 kurti inovatyv\u0173 skaitmenin\u012f ugdymo turin\u012f, pritaikyt\u0105 asmenims su intelekto negalia.<\/li>\n<li>Pritaikyti metodik\u0105 ir mokymosi modulius \u012fvairiose ES ne\u012fgali\u0173j\u0173 aplinkose, pateikiant politikos rekomendacijas d\u0117l metodikos integravimo \u012f \u017emoni\u0173 su negalia \u0161vietimo sistemas, skirtas politikos formuotojams ir ne\u012fgali\u0173j\u0173 centrams bei specialistams.<\/li>\n<\/ol>\n<p><strong>Projekto tikslin\u0117 grup\u0117:<\/strong><\/p>\n<ul>\n<li>Suaug\u0119 asmenys, turintys lengv\u0105 intelekto negali\u0105.<\/li>\n<li>Pedagogai ir kiti specialistai, dirbantys su intelekto negali\u0105 turin\u010diais asmenimis, ir negalios srityje veikian\u010dios organizacijos.<\/li>\n<li>\u012etraukiojo \u0161vietimo srityje dirbantys profesionalai ir politikos formuotojai.<\/li>\n<li>Kitos potencialios galutini\u0173 naudotoj\u0173 grup\u0117s, pavyzd\u017eiui, asmenys, turintys mokymosi sunkum\u0173, vyresnio am\u017eiaus asmenys, kuri\u0173 pa\u017eintin\u0117s funkcijos prast\u0117ja, \u017emon\u0117s su neurologiniais sutrikimais ar smegen\u0173 traumomis.<\/li>\n<li>Pla\u010dioji visuomen\u0117, kuri\u0105 projekto metu pasieksime per \u017einiasklaid\u0105 ir socialinius tinklus.<\/li>\n<\/ul>\n<p><strong>Projekto rezultatai:<\/strong><\/p>\n<ol>\n<li>MOOC (Massive Open Online Course), lietuvi\u0161kai \u2013 masinio atviro internetinio kurso , suk\u016brimas. Tai yra platforma, skirta pedagogams, leid\u017eianti savaranki\u0161kai mokytis ir kurti skaitmenin\u012f \u0161vietimo turin\u012f asmenims su intelekto negalia.<\/li>\n<li>Mikro-mokymosi moduliai, skirti asmenims su intelekto negalia, apimantys \u012fvairias elektronines paslaugas ir interneto pavojus.<\/li>\n<li>Rekomendacijos d\u0117l metodikos integravimo \u012f asmen\u0173 su intelekto negalia ugdymo sistemas, skirtos politikos formuotojams, \u0161vietimo organizacijoms ir specialistams.<\/li>\n<\/ol>\n<p><strong>\u00a0<\/strong><a href=\"https:\/\/viltis.lt\/lt\/wp-content\/uploads\/2025\/06\/LT-Bendrai-finansuoja-Europos-Sajunga_POS-scaled.jpg\"><img loading=\"lazy\" decoding=\"async\" class=\"alignnone wp-image-1834\" src=\"https:\/\/viltis.lt\/lt\/wp-content\/uploads\/2025\/06\/LT-Bendrai-finansuoja-Europos-Sajunga_POS-300x65.jpg\" alt=\"\" width=\"425\" height=\"92\" srcset=\"https:\/\/viltis.lt\/lt\/wp-content\/uploads\/2025\/06\/LT-Bendrai-finansuoja-Europos-Sajunga_POS-300x65.jpg 300w, https:\/\/viltis.lt\/lt\/wp-content\/uploads\/2025\/06\/LT-Bendrai-finansuoja-Europos-Sajunga_POS-1024x223.jpg 1024w, https:\/\/viltis.lt\/lt\/wp-content\/uploads\/2025\/06\/LT-Bendrai-finansuoja-Europos-Sajunga_POS-768x167.jpg 768w, https:\/\/viltis.lt\/lt\/wp-content\/uploads\/2025\/06\/LT-Bendrai-finansuoja-Europos-Sajunga_POS-1536x334.jpg 1536w, https:\/\/viltis.lt\/lt\/wp-content\/uploads\/2025\/06\/LT-Bendrai-finansuoja-Europos-Sajunga_POS-2048x445.jpg 2048w, https:\/\/viltis.lt\/lt\/wp-content\/uploads\/2025\/06\/LT-Bendrai-finansuoja-Europos-Sajunga_POS-600x130.jpg 600w\" sizes=\"auto, (max-width: 425px) 100vw, 425px\" \/><\/a><\/p>\n<p>Finansuojama Europos S\u0105jungos l\u0117\u0161omis. Ta\u010diau i\u0161rei\u0161kiamas po\u017ei\u016bris ar nuomon\u0117 yra tik autoriaus (-i\u0173) ir neb\u016btinai atspindi Europos S\u0105jungos ar Europos \u0161vietimo ir kult\u016bros vykdomosios \u012fstaigos (EACEA) po\u017ei\u016br\u012f ar nuomon\u0119. Nei Europos S\u0105junga, nei EACEA negali b\u016bti laikoma u\u017e juos atsakinga.<\/p>\n<p>&nbsp;<\/p>\n<blockquote class=\"wp-embedded-content\" data-secret=\"fABHwiHgi6\"><p><a href=\"https:\/\/viltis.lt\/lt\/lidda-projekto-naujienlaiskis\/\">LIDDA projekto naujienlai\u0161kis<\/a><\/p><\/blockquote>\n<p><iframe loading=\"lazy\" class=\"wp-embedded-content\" sandbox=\"allow-scripts\" security=\"restricted\" style=\"position: absolute; visibility: hidden;\" title=\"&#8220;LIDDA projekto naujienlai\u0161kis&#8221; &#8212; Viltis.lt\" src=\"https:\/\/viltis.lt\/lt\/lidda-projekto-naujienlaiskis\/embed\/#?secret=pzp12g5VrF#?secret=fABHwiHgi6\" data-secret=\"fABHwiHgi6\" width=\"600\" height=\"338\" frameborder=\"0\" marginwidth=\"0\" marginheight=\"0\" scrolling=\"no\"><\/iframe><\/p>\n","protected":false},"excerpt":{"rendered":"<p>LIDDA (Learning and Inclusion with Digital Daily Activities) Projekto numeris: 2024-1-SI01-KA220-ADU-000243489 Projekto trukm\u0117: 31. 12. 2024 \u2013 30. 4. 2027 &nbsp; &nbsp; Lietuvos sutrikusio intelekto \u017emoni\u0173 globos bendrija kartu su partneriais vykdo ERASMUS+ projekt\u0105 \u201eMokymasis ir \u012ftrauktis naudojant kasdienes skaitmenines veiklas\u201c (LIDDA). \u0160io projekto tikslas \u2013 suteikti intelekto negali\u0105 turintiems \u017emon\u0117ms \u012fg\u016bd\u017ei\u0173, reikaling\u0173 savaranki\u0161kai gyventi [&hellip;]<\/p>\n","protected":false},"author":1,"featured_media":0,"parent":1840,"menu_order":0,"comment_status":"closed","ping_status":"closed","template":"","meta":{"_acf_changed":false,"footnotes":""},"class_list":["post-1828","page","type-page","status-publish","hentry"],"acf":[],"lang":"lt","translations":{"lt":1828,"en":1989},"pll_sync_post":[],"_links":{"self":[{"href":"https:\/\/viltis.lt\/lt\/wp-json\/wp\/v2\/pages\/1828","targetHints":{"allow":["GET"]}}],"collection":[{"href":"https:\/\/viltis.lt\/lt\/wp-json\/wp\/v2\/pages"}],"about":[{"href":"https:\/\/viltis.lt\/lt\/wp-json\/wp\/v2\/types\/page"}],"author":[{"embeddable":true,"href":"https:\/\/viltis.lt\/lt\/wp-json\/wp\/v2\/users\/1"}],"replies":[{"embeddable":true,"href":"https:\/\/viltis.lt\/lt\/wp-json\/wp\/v2\/comments?post=1828"}],"version-history":[{"count":13,"href":"https:\/\/viltis.lt\/lt\/wp-json\/wp\/v2\/pages\/1828\/revisions"}],"predecessor-version":[{"id":2137,"href":"https:\/\/viltis.lt\/lt\/wp-json\/wp\/v2\/pages\/1828\/revisions\/2137"}],"up":[{"embeddable":true,"href":"https:\/\/viltis.lt\/lt\/wp-json\/wp\/v2\/pages\/1840"}],"wp:attachment":[{"href":"https:\/\/viltis.lt\/lt\/wp-json\/wp\/v2\/media?parent=1828"}],"curies":[{"name":"wp","href":"https:\/\/api.w.org\/{rel}","templated":true}]}}